{"id":10631,"date":"2024-01-26T07:34:19","date_gmt":"2024-01-26T07:34:19","guid":{"rendered":"https:\/\/mancomunidadcg.es\/votaciones\/?page_id=10631"},"modified":"2026-01-27T13:11:29","modified_gmt":"2026-01-27T12:11:29","slug":"resultados","status":"publish","type":"page","link":"https:\/\/mancomunidadcg.es\/votaciones\/","title":{"rendered":"Resultados"},"content":{"rendered":"\t\t<div data-elementor-type=\"wp-page\" data-elementor-id=\"10631\" class=\"elementor elementor-10631\">\n\t\t\t\t\t\t<section class=\"elementor-section elementor-top-section elementor-element elementor-element-bb4844f overflow-hidden elementor-section-height-min-height elementor-section-boxed elementor-section-height-default elementor-section-items-middle\" data-id=\"bb4844f\" data-element_type=\"section\" data-e-type=\"section\" data-settings=\"{&quot;background_background&quot;:&quot;classic&quot;}\">\n\t\t\t\t\t\t\t<div class=\"elementor-background-overlay\"><\/div>\n\t\t\t\t\t\t\t<div class=\"elementor-container elementor-column-gap-default\">\n\t\t\t\t\t<div class=\"elementor-column elementor-col-100 elementor-top-column elementor-element elementor-element-d6718e9\" data-id=\"d6718e9\" data-element_type=\"column\" data-e-type=\"column\">\n\t\t\t<div class=\"elementor-widget-wrap elementor-element-populated\">\n\t\t\t\t\t\t<div class=\"elementor-element elementor-element-ffbd612 elementor-invisible elementor-widget elementor-widget-image\" data-id=\"ffbd612\" data-element_type=\"widget\" data-e-type=\"widget\" data-settings=\"{&quot;_animation&quot;:&quot;fadeInDown&quot;}\" data-widget_type=\"image.default\">\n\t\t\t\t<div class=\"elementor-widget-container\">\n\t\t\t\t\t\t\t\t\t\t\t\t\t\t\t<img fetchpriority=\"high\" decoding=\"async\" width=\"975\" height=\"217\" src=\"https:\/\/mancomunidadcg.es\/votaciones\/wp-content\/uploads\/2026\/01\/texto.png\" class=\"attachment-full size-full wp-image-10796\" alt=\"\" srcset=\"https:\/\/mancomunidadcg.es\/votaciones\/wp-content\/uploads\/2026\/01\/texto.png 975w, https:\/\/mancomunidadcg.es\/votaciones\/wp-content\/uploads\/2026\/01\/texto-300x67.png 300w, https:\/\/mancomunidadcg.es\/votaciones\/wp-content\/uploads\/2026\/01\/texto-768x171.png 768w\" sizes=\"(max-width: 975px) 100vw, 975px\" \/>\t\t\t\t\t\t\t\t\t\t\t\t\t\t\t<\/div>\n\t\t\t\t<\/div>\n\t\t\t\t<div class=\"elementor-element elementor-element-fcbf57a animated-fast elementor-invisible elementor-widget elementor-widget-image\" data-id=\"fcbf57a\" data-element_type=\"widget\" data-e-type=\"widget\" data-settings=\"{&quot;_animation&quot;:&quot;fadeInUp&quot;,&quot;_animation_delay&quot;:500}\" data-widget_type=\"image.default\">\n\t\t\t\t<div class=\"elementor-widget-container\">\n\t\t\t\t\t\t\t\t\t\t\t\t\t\t\t<img decoding=\"async\" width=\"725\" height=\"38\" src=\"https:\/\/mancomunidadcg.es\/votaciones\/wp-content\/uploads\/2024\/01\/lema.png\" class=\"attachment-full size-full wp-image-10564\" alt=\"\" srcset=\"https:\/\/mancomunidadcg.es\/votaciones\/wp-content\/uploads\/2024\/01\/lema.png 725w, https:\/\/mancomunidadcg.es\/votaciones\/wp-content\/uploads\/2024\/01\/lema-300x16.png 300w\" sizes=\"(max-width: 725px) 100vw, 725px\" \/>\t\t\t\t\t\t\t\t\t\t\t\t\t\t\t<\/div>\n\t\t\t\t<\/div>\n\t\t\t\t\t<\/div>\n\t\t<\/div>\n\t\t\t\t\t<\/div>\n\t\t<\/section>\n\t\t\t\t<section class=\"elementor-section elementor-top-section elementor-element elementor-element-ff5849d overflow-hidden elementor-section-boxed elementor-section-height-default elementor-section-height-default\" data-id=\"ff5849d\" data-element_type=\"section\" data-e-type=\"section\" data-settings=\"{&quot;background_background&quot;:&quot;classic&quot;}\">\n\t\t\t\t\t\t\t<div class=\"elementor-background-overlay\"><\/div>\n\t\t\t\t\t\t\t<div class=\"elementor-container elementor-column-gap-default\">\n\t\t\t\t\t<div class=\"elementor-column elementor-col-100 elementor-top-column elementor-element elementor-element-7cd3a6c\" data-id=\"7cd3a6c\" data-element_type=\"column\" data-e-type=\"column\">\n\t\t\t<div class=\"elementor-widget-wrap elementor-element-populated\">\n\t\t\t\t\t\t<section class=\"elementor-section elementor-inner-section elementor-element elementor-element-1692172 elementor-section-boxed elementor-section-height-default elementor-section-height-default\" data-id=\"1692172\" data-element_type=\"section\" data-e-type=\"section\">\n\t\t\t\t\t\t<div class=\"elementor-container elementor-column-gap-default\">\n\t\t\t\t\t<div class=\"elementor-column elementor-col-100 elementor-inner-column elementor-element elementor-element-ea84150\" data-id=\"ea84150\" data-element_type=\"column\" data-e-type=\"column\">\n\t\t\t<div class=\"elementor-widget-wrap elementor-element-populated\">\n\t\t\t\t\t\t<div class=\"elementor-element elementor-element-f6bcd01 elementor-widget__width-initial elementor-invisible elementor-widget elementor-widget-heading\" data-id=\"f6bcd01\" data-element_type=\"widget\" data-e-type=\"widget\" data-settings=\"{&quot;_animation&quot;:&quot;fadeInDown&quot;}\" data-widget_type=\"heading.default\">\n\t\t\t\t<div class=\"elementor-widget-container\">\n\t\t\t\t\t<h1 class=\"elementor-heading-title elementor-size-default\">ESTOS SON LOS RESULTADOS DE  LOS <b>XI PREMIOS MANCOMUNIDAD DE MUNICIPIOS DEL CAMPO DE GIBRALTAR<\/b><\/h1>\t\t\t\t<\/div>\n\t\t\t\t<\/div>\n\t\t\t\t\t<\/div>\n\t\t<\/div>\n\t\t\t\t\t<\/div>\n\t\t<\/section>\n\t\t\t\t<section class=\"elementor-section elementor-inner-section elementor-element elementor-element-c56b61b elementor-section-boxed elementor-section-height-default elementor-section-height-default\" data-id=\"c56b61b\" data-element_type=\"section\" data-e-type=\"section\">\n\t\t\t\t\t\t<div class=\"elementor-container elementor-column-gap-default\">\n\t\t\t\t\t<div class=\"elementor-column elementor-col-50 elementor-inner-column elementor-element elementor-element-fdbe1d9\" data-id=\"fdbe1d9\" data-element_type=\"column\" data-e-type=\"column\">\n\t\t\t<div class=\"elementor-widget-wrap elementor-element-populated\">\n\t\t\t\t\t\t<div class=\"elementor-element elementor-element-1ab3224 elementor-widget elementor-widget-heading\" data-id=\"1ab3224\" data-element_type=\"widget\" data-e-type=\"widget\" data-widget_type=\"heading.default\">\n\t\t\t\t<div class=\"elementor-widget-container\">\n\t\t\t\t\t<h2 class=\"elementor-heading-title elementor-size-default\">PREMIO A LA LABOR SOCIAL Y SOLIDARIA<\/h2>\t\t\t\t<\/div>\n\t\t\t\t<\/div>\n\t\t\t\t<div class=\"elementor-element elementor-element-028e09c elementor-widget elementor-widget-text-editor\" data-id=\"028e09c\" data-element_type=\"widget\" data-e-type=\"widget\" data-widget_type=\"text-editor.default\">\n\t\t\t\t<div class=\"elementor-widget-container\">\n\t\t\t\t\t\t\t\t\tGalard\u00f3n con que premia a aquellas entidades sin \u00e1nimo de lucro, asociaciones y colectivos sociales del Campo de Gibraltar que destaquen por su labor solidaria y de ayuda a otras personas y colectivos.\n\n\t\t\t\t\t\t\t\t<\/div>\n\t\t\t\t<\/div>\n\t\t\t\t<div class=\"elementor-element elementor-element-430c1c6 elementor-widget elementor-widget-image\" data-id=\"430c1c6\" data-element_type=\"widget\" data-e-type=\"widget\" data-widget_type=\"image.default\">\n\t\t\t\t<div class=\"elementor-widget-container\">\n\t\t\t\t\t\t\t\t\t\t\t\t\t\t\t<img decoding=\"async\" width=\"500\" height=\"500\" src=\"https:\/\/mancomunidadcg.es\/votaciones\/wp-content\/uploads\/2026\/01\/despierta.jpg\" class=\"attachment-large size-large wp-image-10704\" alt=\"\" srcset=\"https:\/\/mancomunidadcg.es\/votaciones\/wp-content\/uploads\/2026\/01\/despierta.jpg 500w, https:\/\/mancomunidadcg.es\/votaciones\/wp-content\/uploads\/2026\/01\/despierta-300x300.jpg 300w, https:\/\/mancomunidadcg.es\/votaciones\/wp-content\/uploads\/2026\/01\/despierta-150x150.jpg 150w\" sizes=\"(max-width: 500px) 100vw, 500px\" \/>\t\t\t\t\t\t\t\t\t\t\t\t\t\t\t<\/div>\n\t\t\t\t<\/div>\n\t\t\t\t<div class=\"elementor-element elementor-element-2969e5e elementor-widget__width-inherit elementor-invisible elementor-widget elementor-widget-heading\" data-id=\"2969e5e\" data-element_type=\"widget\" data-e-type=\"widget\" data-settings=\"{&quot;_animation&quot;:&quot;fadeInDown&quot;}\" data-widget_type=\"heading.default\">\n\t\t\t\t<div class=\"elementor-widget-container\">\n\t\t\t\t\t<h1 class=\"elementor-heading-title elementor-size-default\">COORDINADORA \"DESPIERTA\"<\/h1>\t\t\t\t<\/div>\n\t\t\t\t<\/div>\n\t\t\t\t\t<\/div>\n\t\t<\/div>\n\t\t\t\t<div class=\"elementor-column elementor-col-50 elementor-inner-column elementor-element elementor-element-29933f1\" data-id=\"29933f1\" data-element_type=\"column\" data-e-type=\"column\">\n\t\t\t<div class=\"elementor-widget-wrap elementor-element-populated\">\n\t\t\t\t\t\t<div class=\"elementor-element elementor-element-a082105 elementor-widget elementor-widget-heading\" data-id=\"a082105\" data-element_type=\"widget\" data-e-type=\"widget\" data-widget_type=\"heading.default\">\n\t\t\t\t<div class=\"elementor-widget-container\">\n\t\t\t\t\t<h2 class=\"elementor-heading-title elementor-size-default\">PREMIO A LA LABOR ART\u00cdSTICA<\/h2>\t\t\t\t<\/div>\n\t\t\t\t<\/div>\n\t\t\t\t<div class=\"elementor-element elementor-element-f0321cf elementor-widget elementor-widget-text-editor\" data-id=\"f0321cf\" data-element_type=\"widget\" data-e-type=\"widget\" data-widget_type=\"text-editor.default\">\n\t\t\t\t<div class=\"elementor-widget-container\">\n\t\t\t\t\t\t\t\t\tGalard\u00f3n destinado a apoyar p\u00fablicamente a representantes del mundo del Arte y la Cultura de cualquiera de los municipios del Campo de Gibraltar por su trayectoria.\n\n\t\t\t\t\t\t\t\t<\/div>\n\t\t\t\t<\/div>\n\t\t\t\t<div class=\"elementor-element elementor-element-8bb1139 elementor-widget elementor-widget-image\" data-id=\"8bb1139\" data-element_type=\"widget\" data-e-type=\"widget\" data-widget_type=\"image.default\">\n\t\t\t\t<div class=\"elementor-widget-container\">\n\t\t\t\t\t\t\t\t\t\t\t\t\t\t\t<img loading=\"lazy\" decoding=\"async\" width=\"500\" height=\"500\" src=\"https:\/\/mancomunidadcg.es\/votaciones\/wp-content\/uploads\/2026\/01\/banda.jpg\" class=\"attachment-large size-large wp-image-10694\" alt=\"\" srcset=\"https:\/\/mancomunidadcg.es\/votaciones\/wp-content\/uploads\/2026\/01\/banda.jpg 500w, https:\/\/mancomunidadcg.es\/votaciones\/wp-content\/uploads\/2026\/01\/banda-300x300.jpg 300w, https:\/\/mancomunidadcg.es\/votaciones\/wp-content\/uploads\/2026\/01\/banda-150x150.jpg 150w\" sizes=\"(max-width: 500px) 100vw, 500px\" \/>\t\t\t\t\t\t\t\t\t\t\t\t\t\t\t<\/div>\n\t\t\t\t<\/div>\n\t\t\t\t<div class=\"elementor-element elementor-element-3180e8f elementor-widget__width-inherit elementor-invisible elementor-widget elementor-widget-heading\" data-id=\"3180e8f\" data-element_type=\"widget\" data-e-type=\"widget\" data-settings=\"{&quot;_animation&quot;:&quot;fadeInDown&quot;}\" data-widget_type=\"heading.default\">\n\t\t\t\t<div class=\"elementor-widget-container\">\n\t\t\t\t\t<h1 class=\"elementor-heading-title elementor-size-default\">JOS\u00c9 ANTONIO S\u00c1NCHEZ DA ASCENCAO<\/h1>\t\t\t\t<\/div>\n\t\t\t\t<\/div>\n\t\t\t\t\t<\/div>\n\t\t<\/div>\n\t\t\t\t\t<\/div>\n\t\t<\/section>\n\t\t\t\t<section class=\"elementor-section elementor-inner-section elementor-element elementor-element-f1bc6d0 elementor-section-boxed elementor-section-height-default elementor-section-height-default\" data-id=\"f1bc6d0\" data-element_type=\"section\" data-e-type=\"section\">\n\t\t\t\t\t\t<div class=\"elementor-container elementor-column-gap-default\">\n\t\t\t\t\t<div class=\"elementor-column elementor-col-50 elementor-inner-column elementor-element elementor-element-a144e3a\" data-id=\"a144e3a\" data-element_type=\"column\" data-e-type=\"column\">\n\t\t\t<div class=\"elementor-widget-wrap elementor-element-populated\">\n\t\t\t\t\t\t<div class=\"elementor-element elementor-element-0a5db8b elementor-widget elementor-widget-heading\" data-id=\"0a5db8b\" data-element_type=\"widget\" data-e-type=\"widget\" data-widget_type=\"heading.default\">\n\t\t\t\t<div class=\"elementor-widget-container\">\n\t\t\t\t\t<h2 class=\"elementor-heading-title elementor-size-default\">PREMIO AL M\u00c9RITO EN LA PR\u00c1CTICA DEPORTIVA<\/h2>\t\t\t\t<\/div>\n\t\t\t\t<\/div>\n\t\t\t\t<div class=\"elementor-element elementor-element-e940f88 elementor-widget elementor-widget-text-editor\" data-id=\"e940f88\" data-element_type=\"widget\" data-e-type=\"widget\" data-widget_type=\"text-editor.default\">\n\t\t\t\t<div class=\"elementor-widget-container\">\n\t\t\t\t\t\t\t\t\tGalard\u00f3n destinado a apoyar a deportistas y clubes deportivos del Campo de Gibraltar que que, por su trayectoria y profesionalidad, supongan un ejemplo de superaci\u00f3n y deportividad.\n\n\t\t\t\t\t\t\t\t<\/div>\n\t\t\t\t<\/div>\n\t\t\t\t<div class=\"elementor-element elementor-element-0ecc243 elementor-widget elementor-widget-image\" data-id=\"0ecc243\" data-element_type=\"widget\" data-e-type=\"widget\" data-widget_type=\"image.default\">\n\t\t\t\t<div class=\"elementor-widget-container\">\n\t\t\t\t\t\t\t\t\t\t\t\t\t\t\t<img loading=\"lazy\" decoding=\"async\" width=\"500\" height=\"500\" src=\"https:\/\/mancomunidadcg.es\/votaciones\/wp-content\/uploads\/2026\/01\/DO-SAN.jpg\" class=\"attachment-large size-large wp-image-10699\" alt=\"\" srcset=\"https:\/\/mancomunidadcg.es\/votaciones\/wp-content\/uploads\/2026\/01\/DO-SAN.jpg 500w, https:\/\/mancomunidadcg.es\/votaciones\/wp-content\/uploads\/2026\/01\/DO-SAN-300x300.jpg 300w, https:\/\/mancomunidadcg.es\/votaciones\/wp-content\/uploads\/2026\/01\/DO-SAN-150x150.jpg 150w\" sizes=\"(max-width: 500px) 100vw, 500px\" \/>\t\t\t\t\t\t\t\t\t\t\t\t\t\t\t<\/div>\n\t\t\t\t<\/div>\n\t\t\t\t<div class=\"elementor-element elementor-element-f7e9050 elementor-widget__width-inherit elementor-invisible elementor-widget elementor-widget-heading\" data-id=\"f7e9050\" data-element_type=\"widget\" data-e-type=\"widget\" data-settings=\"{&quot;_animation&quot;:&quot;fadeInDown&quot;}\" data-widget_type=\"heading.default\">\n\t\t\t\t<div class=\"elementor-widget-container\">\n\t\t\t\t\t<h1 class=\"elementor-heading-title elementor-size-default\">DO-SAN TAEKWON-DO ITF<\/h1>\t\t\t\t<\/div>\n\t\t\t\t<\/div>\n\t\t\t\t\t<\/div>\n\t\t<\/div>\n\t\t\t\t<div class=\"elementor-column elementor-col-50 elementor-inner-column elementor-element elementor-element-d693223\" data-id=\"d693223\" data-element_type=\"column\" data-e-type=\"column\">\n\t\t\t<div class=\"elementor-widget-wrap elementor-element-populated\">\n\t\t\t\t\t\t<div class=\"elementor-element elementor-element-305b4b8 elementor-widget elementor-widget-heading\" data-id=\"305b4b8\" data-element_type=\"widget\" data-e-type=\"widget\" data-widget_type=\"heading.default\">\n\t\t\t\t<div class=\"elementor-widget-container\">\n\t\t\t\t\t<h2 class=\"elementor-heading-title elementor-size-default\">PREMIO A LA EXCELENCIA EMPRESARIAL\n<\/h2>\t\t\t\t<\/div>\n\t\t\t\t<\/div>\n\t\t\t\t<div class=\"elementor-element elementor-element-1b56a9f elementor-widget elementor-widget-text-editor\" data-id=\"1b56a9f\" data-element_type=\"widget\" data-e-type=\"widget\" data-widget_type=\"text-editor.default\">\n\t\t\t\t<div class=\"elementor-widget-container\">\n\t\t\t\t\t\t\t\t\tGalard\u00f3n que reconoce a emprendedores y empresas asentadas en la comarca por su especial colaboraci\u00f3n el desarrollo econ\u00f3mico del entorno y\/o por la aplicaci\u00f3n de tecnolog\u00eda y m\u00e9todos de producci\u00f3n innovadores.\n\n\t\t\t\t\t\t\t\t<\/div>\n\t\t\t\t<\/div>\n\t\t\t\t<div class=\"elementor-element elementor-element-99e35be elementor-widget elementor-widget-image\" data-id=\"99e35be\" data-element_type=\"widget\" data-e-type=\"widget\" data-widget_type=\"image.default\">\n\t\t\t\t<div class=\"elementor-widget-container\">\n\t\t\t\t\t\t\t\t\t\t\t\t\t\t\t<img loading=\"lazy\" decoding=\"async\" width=\"500\" height=\"500\" src=\"https:\/\/mancomunidadcg.es\/votaciones\/wp-content\/uploads\/2026\/01\/pilar.jpg\" class=\"attachment-large size-large wp-image-10696\" alt=\"\" srcset=\"https:\/\/mancomunidadcg.es\/votaciones\/wp-content\/uploads\/2026\/01\/pilar.jpg 500w, https:\/\/mancomunidadcg.es\/votaciones\/wp-content\/uploads\/2026\/01\/pilar-300x300.jpg 300w, https:\/\/mancomunidadcg.es\/votaciones\/wp-content\/uploads\/2026\/01\/pilar-150x150.jpg 150w\" sizes=\"(max-width: 500px) 100vw, 500px\" \/>\t\t\t\t\t\t\t\t\t\t\t\t\t\t\t<\/div>\n\t\t\t\t<\/div>\n\t\t\t\t<div class=\"elementor-element elementor-element-d25e67f elementor-widget__width-inherit elementor-invisible elementor-widget elementor-widget-heading\" data-id=\"d25e67f\" data-element_type=\"widget\" data-e-type=\"widget\" data-settings=\"{&quot;_animation&quot;:&quot;fadeInDown&quot;}\" data-widget_type=\"heading.default\">\n\t\t\t\t<div class=\"elementor-widget-container\">\n\t\t\t\t\t<h1 class=\"elementor-heading-title elementor-size-default\">PILAR V\u00c1ZQUEZ GANDIAGA<br>\nConsejera Delegada de Aliauto<\/h1>\t\t\t\t<\/div>\n\t\t\t\t<\/div>\n\t\t\t\t\t<\/div>\n\t\t<\/div>\n\t\t\t\t\t<\/div>\n\t\t<\/section>\n\t\t\t\t<section class=\"elementor-section elementor-inner-section elementor-element elementor-element-9b54325 elementor-section-boxed elementor-section-height-default elementor-section-height-default\" data-id=\"9b54325\" data-element_type=\"section\" data-e-type=\"section\">\n\t\t\t\t\t\t<div class=\"elementor-container elementor-column-gap-default\">\n\t\t\t\t\t<div class=\"elementor-column elementor-col-50 elementor-inner-column elementor-element elementor-element-b07c950\" data-id=\"b07c950\" data-element_type=\"column\" data-e-type=\"column\">\n\t\t\t<div class=\"elementor-widget-wrap elementor-element-populated\">\n\t\t\t\t\t\t<div class=\"elementor-element elementor-element-b56c273 elementor-widget elementor-widget-heading\" data-id=\"b56c273\" data-element_type=\"widget\" data-e-type=\"widget\" data-widget_type=\"heading.default\">\n\t\t\t\t<div class=\"elementor-widget-container\">\n\t\t\t\t\t<h2 class=\"elementor-heading-title elementor-size-default\">PREMIO AL FOMENTO DEL TURISMO\n<\/h2>\t\t\t\t<\/div>\n\t\t\t\t<\/div>\n\t\t\t\t<div class=\"elementor-element elementor-element-c55de18 elementor-widget elementor-widget-text-editor\" data-id=\"c55de18\" data-element_type=\"widget\" data-e-type=\"widget\" data-widget_type=\"text-editor.default\">\n\t\t\t\t<div class=\"elementor-widget-container\">\n\t\t\t\t\t\t\t\t\tGalard\u00f3n que premia a proyectos empresariales, entidades, administraciones o particulares que destaquen por su apuesta por la explotaci\u00f3n tur\u00edstica de los recursos naturales desde una perspectiva de sostenibilidad y respeto al medio ambiente.\t\t\t\t\t\t\t\t<\/div>\n\t\t\t\t<\/div>\n\t\t\t\t<div class=\"elementor-element elementor-element-0ebf977 elementor-widget elementor-widget-image\" data-id=\"0ebf977\" data-element_type=\"widget\" data-e-type=\"widget\" data-widget_type=\"image.default\">\n\t\t\t\t<div class=\"elementor-widget-container\">\n\t\t\t\t\t\t\t\t\t\t\t\t\t\t\t<img loading=\"lazy\" decoding=\"async\" width=\"500\" height=\"500\" src=\"https:\/\/mancomunidadcg.es\/votaciones\/wp-content\/uploads\/2026\/01\/laplata-1.jpg\" class=\"attachment-large size-large wp-image-10684\" alt=\"\" srcset=\"https:\/\/mancomunidadcg.es\/votaciones\/wp-content\/uploads\/2026\/01\/laplata-1.jpg 500w, https:\/\/mancomunidadcg.es\/votaciones\/wp-content\/uploads\/2026\/01\/laplata-1-300x300.jpg 300w, https:\/\/mancomunidadcg.es\/votaciones\/wp-content\/uploads\/2026\/01\/laplata-1-150x150.jpg 150w\" sizes=\"(max-width: 500px) 100vw, 500px\" \/>\t\t\t\t\t\t\t\t\t\t\t\t\t\t\t<\/div>\n\t\t\t\t<\/div>\n\t\t\t\t<div class=\"elementor-element elementor-element-3c84e1b elementor-widget__width-inherit elementor-invisible elementor-widget elementor-widget-heading\" data-id=\"3c84e1b\" data-element_type=\"widget\" data-e-type=\"widget\" data-settings=\"{&quot;_animation&quot;:&quot;fadeInDown&quot;}\" data-widget_type=\"heading.default\">\n\t\t\t\t<div class=\"elementor-widget-container\">\n\t\t\t\t\t<h1 class=\"elementor-heading-title elementor-size-default\">PASTELER\u00cdA LA PLATA<\/h1>\t\t\t\t<\/div>\n\t\t\t\t<\/div>\n\t\t\t\t\t<\/div>\n\t\t<\/div>\n\t\t\t\t<div class=\"elementor-column elementor-col-50 elementor-inner-column elementor-element elementor-element-8b82197\" data-id=\"8b82197\" data-element_type=\"column\" data-e-type=\"column\">\n\t\t\t<div class=\"elementor-widget-wrap elementor-element-populated\">\n\t\t\t\t\t\t<div class=\"elementor-element elementor-element-199272c elementor-widget elementor-widget-heading\" data-id=\"199272c\" data-element_type=\"widget\" data-e-type=\"widget\" data-widget_type=\"heading.default\">\n\t\t\t\t<div class=\"elementor-widget-container\">\n\t\t\t\t\t<h2 class=\"elementor-heading-title elementor-size-default\">PREMIO A LA COMUNICACI\u00d3N EN EL CAMPO DE GIBRALTAR\n<\/h2>\t\t\t\t<\/div>\n\t\t\t\t<\/div>\n\t\t\t\t<div class=\"elementor-element elementor-element-0240352 elementor-widget elementor-widget-text-editor\" data-id=\"0240352\" data-element_type=\"widget\" data-e-type=\"widget\" data-widget_type=\"text-editor.default\">\n\t\t\t\t<div class=\"elementor-widget-container\">\n\t\t\t\t\t\t\t\t\tGalard\u00f3n que premia a aquellas empresas, medios o profesionales de la Comunicaci\u00f3n que colaboren efectivamente en la difusi\u00f3n p\u00fablica del buen nombre del Campo de Gibraltar m\u00e1s all\u00e1 de las fronteras de nuestra comarca.\n\n\t\t\t\t\t\t\t\t<\/div>\n\t\t\t\t<\/div>\n\t\t\t\t<div class=\"elementor-element elementor-element-c402c79 elementor-widget elementor-widget-image\" data-id=\"c402c79\" data-element_type=\"widget\" data-e-type=\"widget\" data-widget_type=\"image.default\">\n\t\t\t\t<div class=\"elementor-widget-container\">\n\t\t\t\t\t\t\t\t\t\t\t\t\t\t\t<img loading=\"lazy\" decoding=\"async\" width=\"500\" height=\"500\" src=\"https:\/\/mancomunidadcg.es\/votaciones\/wp-content\/uploads\/2026\/01\/turismo.jpg\" class=\"attachment-large size-large wp-image-10690\" alt=\"\" srcset=\"https:\/\/mancomunidadcg.es\/votaciones\/wp-content\/uploads\/2026\/01\/turismo.jpg 500w, https:\/\/mancomunidadcg.es\/votaciones\/wp-content\/uploads\/2026\/01\/turismo-300x300.jpg 300w, https:\/\/mancomunidadcg.es\/votaciones\/wp-content\/uploads\/2026\/01\/turismo-150x150.jpg 150w\" sizes=\"(max-width: 500px) 100vw, 500px\" \/>\t\t\t\t\t\t\t\t\t\t\t\t\t\t\t<\/div>\n\t\t\t\t<\/div>\n\t\t\t\t<div class=\"elementor-element elementor-element-660132e elementor-widget__width-inherit elementor-invisible elementor-widget elementor-widget-heading\" data-id=\"660132e\" data-element_type=\"widget\" data-e-type=\"widget\" data-settings=\"{&quot;_animation&quot;:&quot;fadeInDown&quot;}\" data-widget_type=\"heading.default\">\n\t\t\t\t<div class=\"elementor-widget-container\">\n\t\t\t\t\t<h1 class=\"elementor-heading-title elementor-size-default\">TURISMO RUNNING COMUNICACI\u00d3N<\/h1>\t\t\t\t<\/div>\n\t\t\t\t<\/div>\n\t\t\t\t\t<\/div>\n\t\t<\/div>\n\t\t\t\t\t<\/div>\n\t\t<\/section>\n\t\t\t\t<section class=\"elementor-section elementor-inner-section elementor-element elementor-element-bd9e741 elementor-section-boxed elementor-section-height-default elementor-section-height-default\" data-id=\"bd9e741\" data-element_type=\"section\" data-e-type=\"section\">\n\t\t\t\t\t\t<div class=\"elementor-container elementor-column-gap-default\">\n\t\t\t\t\t<div class=\"elementor-column elementor-col-50 elementor-inner-column elementor-element elementor-element-d14bf3b\" data-id=\"d14bf3b\" data-element_type=\"column\" data-e-type=\"column\">\n\t\t\t<div class=\"elementor-widget-wrap elementor-element-populated\">\n\t\t\t\t\t\t<div class=\"elementor-element elementor-element-435cc05 elementor-widget elementor-widget-heading\" data-id=\"435cc05\" data-element_type=\"widget\" data-e-type=\"widget\" data-widget_type=\"heading.default\">\n\t\t\t\t<div class=\"elementor-widget-container\">\n\t\t\t\t\t<h2 class=\"elementor-heading-title elementor-size-default\">PREMIO A LA LABOR CULTURAL<\/h2>\t\t\t\t<\/div>\n\t\t\t\t<\/div>\n\t\t\t\t<div class=\"elementor-element elementor-element-f684d8c elementor-widget elementor-widget-text-editor\" data-id=\"f684d8c\" data-element_type=\"widget\" data-e-type=\"widget\" data-widget_type=\"text-editor.default\">\n\t\t\t\t<div class=\"elementor-widget-container\">\n\t\t\t\t\t\t\t\t\t<p>Galard\u00f3n que premia a colectivos, entidades o particulares que destaquen por el desarrollo de su labor de creaci\u00f3n, difusi\u00f3n, investigaci\u00f3n o estudio de la Cultura campogibraltare\u00f1a.<\/p>\t\t\t\t\t\t\t\t<\/div>\n\t\t\t\t<\/div>\n\t\t\t\t<div class=\"elementor-element elementor-element-89f5c66 elementor-widget elementor-widget-image\" data-id=\"89f5c66\" data-element_type=\"widget\" data-e-type=\"widget\" data-widget_type=\"image.default\">\n\t\t\t\t<div class=\"elementor-widget-container\">\n\t\t\t\t\t\t\t\t\t\t\t\t\t\t\t<img loading=\"lazy\" decoding=\"async\" width=\"800\" height=\"422\" src=\"https:\/\/mancomunidadcg.es\/votaciones\/wp-content\/uploads\/2026\/01\/almadraba-1024x540.jpeg\" class=\"attachment-large size-large wp-image-10914\" alt=\"\" srcset=\"https:\/\/mancomunidadcg.es\/votaciones\/wp-content\/uploads\/2026\/01\/almadraba-1024x540.jpeg 1024w, https:\/\/mancomunidadcg.es\/votaciones\/wp-content\/uploads\/2026\/01\/almadraba-300x158.jpeg 300w, https:\/\/mancomunidadcg.es\/votaciones\/wp-content\/uploads\/2026\/01\/almadraba-768x405.jpeg 768w, https:\/\/mancomunidadcg.es\/votaciones\/wp-content\/uploads\/2026\/01\/almadraba.jpeg 1510w\" sizes=\"(max-width: 800px) 100vw, 800px\" \/>\t\t\t\t\t\t\t\t\t\t\t\t\t\t\t<\/div>\n\t\t\t\t<\/div>\n\t\t\t\t<div class=\"elementor-element elementor-element-7043db6 elementor-widget__width-inherit elementor-invisible elementor-widget elementor-widget-heading\" data-id=\"7043db6\" data-element_type=\"widget\" data-e-type=\"widget\" data-settings=\"{&quot;_animation&quot;:&quot;fadeInDown&quot;}\" data-widget_type=\"heading.default\">\n\t\t\t\t<div class=\"elementor-widget-container\">\n\t\t\t\t\t<h1 class=\"elementor-heading-title elementor-size-default\">GRUPO ALMADRABA<\/h1>\t\t\t\t<\/div>\n\t\t\t\t<\/div>\n\t\t\t\t\t<\/div>\n\t\t<\/div>\n\t\t\t\t<div class=\"elementor-column elementor-col-50 elementor-inner-column elementor-element elementor-element-39987fd\" data-id=\"39987fd\" data-element_type=\"column\" data-e-type=\"column\">\n\t\t\t<div class=\"elementor-widget-wrap elementor-element-populated\">\n\t\t\t\t\t\t<div class=\"elementor-element elementor-element-9da1090 elementor-widget elementor-widget-heading\" data-id=\"9da1090\" data-element_type=\"widget\" data-e-type=\"widget\" data-widget_type=\"heading.default\">\n\t\t\t\t<div class=\"elementor-widget-container\">\n\t\t\t\t\t<h2 class=\"elementor-heading-title elementor-size-default\">PREMIO A LA IGUALDAD<\/h2>\t\t\t\t<\/div>\n\t\t\t\t<\/div>\n\t\t\t\t<div class=\"elementor-element elementor-element-d58d08e elementor-widget elementor-widget-text-editor\" data-id=\"d58d08e\" data-element_type=\"widget\" data-e-type=\"widget\" data-widget_type=\"text-editor.default\">\n\t\t\t\t<div class=\"elementor-widget-container\">\n\t\t\t\t\t\t\t\t\tGalard\u00f3n que premia a colectivos, entidades o particulares que destaquen por el desarrollo de su labor en favor de la igualdad.\n\n\t\t\t\t\t\t\t\t<\/div>\n\t\t\t\t<\/div>\n\t\t\t\t<div class=\"elementor-element elementor-element-b8100f5 elementor-widget elementor-widget-image\" data-id=\"b8100f5\" data-element_type=\"widget\" data-e-type=\"widget\" data-widget_type=\"image.default\">\n\t\t\t\t<div class=\"elementor-widget-container\">\n\t\t\t\t\t\t\t\t\t\t\t\t\t\t\t<img loading=\"lazy\" decoding=\"async\" width=\"500\" height=\"500\" src=\"https:\/\/mancomunidadcg.es\/votaciones\/wp-content\/uploads\/2026\/01\/arcoiris.jpg\" class=\"attachment-large size-large wp-image-10677\" alt=\"\" srcset=\"https:\/\/mancomunidadcg.es\/votaciones\/wp-content\/uploads\/2026\/01\/arcoiris.jpg 500w, https:\/\/mancomunidadcg.es\/votaciones\/wp-content\/uploads\/2026\/01\/arcoiris-300x300.jpg 300w, https:\/\/mancomunidadcg.es\/votaciones\/wp-content\/uploads\/2026\/01\/arcoiris-150x150.jpg 150w\" sizes=\"(max-width: 500px) 100vw, 500px\" \/>\t\t\t\t\t\t\t\t\t\t\t\t\t\t\t<\/div>\n\t\t\t\t<\/div>\n\t\t\t\t<div class=\"elementor-element elementor-element-a28461b elementor-widget__width-inherit elementor-invisible elementor-widget elementor-widget-heading\" data-id=\"a28461b\" data-element_type=\"widget\" data-e-type=\"widget\" data-settings=\"{&quot;_animation&quot;:&quot;fadeInDown&quot;}\" data-widget_type=\"heading.default\">\n\t\t\t\t<div class=\"elementor-widget-container\">\n\t\t\t\t\t<h1 class=\"elementor-heading-title elementor-size-default\">ASOCIACI\u00d3N ARCOIRIS LGTBI CAMPO DE GIBRALTAR<\/h1>\t\t\t\t<\/div>\n\t\t\t\t<\/div>\n\t\t\t\t\t<\/div>\n\t\t<\/div>\n\t\t\t\t\t<\/div>\n\t\t<\/section>\n\t\t\t\t<section class=\"elementor-section elementor-inner-section elementor-element elementor-element-3213bca elementor-section-boxed elementor-section-height-default elementor-section-height-default\" data-id=\"3213bca\" data-element_type=\"section\" data-e-type=\"section\">\n\t\t\t\t\t\t<div class=\"elementor-container elementor-column-gap-default\">\n\t\t\t\t\t<div class=\"elementor-column elementor-col-100 elementor-inner-column elementor-element elementor-element-93b8ba2\" data-id=\"93b8ba2\" data-element_type=\"column\" data-e-type=\"column\">\n\t\t\t<div class=\"elementor-widget-wrap elementor-element-populated\">\n\t\t\t\t\t\t<div class=\"elementor-element elementor-element-08c79f5 elementor-widget elementor-widget-heading\" data-id=\"08c79f5\" data-element_type=\"widget\" data-e-type=\"widget\" data-widget_type=\"heading.default\">\n\t\t\t\t<div class=\"elementor-widget-container\">\n\t\t\t\t\t<h2 class=\"elementor-heading-title elementor-size-default\">MENCI\u00d3N ESPECIAL:\nASOCIACI\u00d3N ESCLEROSIS M\u00daLTIPLE DEL CAMPO DE GIBRALTAR<\/h2>\t\t\t\t<\/div>\n\t\t\t\t<\/div>\n\t\t\t\t<div class=\"elementor-element elementor-element-225b9d7 elementor-widget elementor-widget-text-editor\" data-id=\"225b9d7\" data-element_type=\"widget\" data-e-type=\"widget\" data-widget_type=\"text-editor.default\">\n\t\t\t\t<div class=\"elementor-widget-container\">\n\t\t\t\t\t\t\t\t\t<p>Esta asociaci\u00f3n es de ayuda para la rehabilitaci\u00f3n integral y mantenimiento f\u00edsico, apoyo sicol\u00f3gico, logopedico y social, para las personas diagnosticadas de Esclerosis M\u00faltiple y otras patolog\u00edas similares.<\/p>\t\t\t\t\t\t\t\t<\/div>\n\t\t\t\t<\/div>\n\t\t\t\t<div class=\"elementor-element elementor-element-c031c1d elementor-widget elementor-widget-image\" data-id=\"c031c1d\" data-element_type=\"widget\" data-e-type=\"widget\" data-widget_type=\"image.default\">\n\t\t\t\t<div class=\"elementor-widget-container\">\n\t\t\t\t\t\t\t\t\t\t\t\t\t\t\t<img loading=\"lazy\" decoding=\"async\" width=\"500\" height=\"500\" src=\"https:\/\/mancomunidadcg.es\/votaciones\/wp-content\/uploads\/2026\/01\/ESCLEROSIS.jpg\" class=\"attachment-large size-large wp-image-10719\" alt=\"\" srcset=\"https:\/\/mancomunidadcg.es\/votaciones\/wp-content\/uploads\/2026\/01\/ESCLEROSIS.jpg 500w, https:\/\/mancomunidadcg.es\/votaciones\/wp-content\/uploads\/2026\/01\/ESCLEROSIS-300x300.jpg 300w, https:\/\/mancomunidadcg.es\/votaciones\/wp-content\/uploads\/2026\/01\/ESCLEROSIS-150x150.jpg 150w\" sizes=\"(max-width: 500px) 100vw, 500px\" \/>\t\t\t\t\t\t\t\t\t\t\t\t\t\t\t<\/div>\n\t\t\t\t<\/div>\n\t\t\t\t\t<\/div>\n\t\t<\/div>\n\t\t\t\t\t<\/div>\n\t\t<\/section>\n\t\t\t\t\t<\/div>\n\t\t<\/div>\n\t\t\t\t\t<\/div>\n\t\t<\/section>\n\t\t\t\t<\/div>\n\t\t","protected":false},"excerpt":{"rendered":"<p>ESTOS SON LOS RESULTADOS DE LOS XI PREMIOS MANCOMUNIDAD DE MUNICIPIOS DEL CAMPO DE GIBRALTAR PREMIO A LA LABOR SOCIAL Y SOLIDARIA Galard\u00f3n con que premia a aquellas entidades sin \u00e1nimo de lucro, asociaciones y colectivos sociales del Campo de Gibraltar que destaquen por su labor solidaria y de ayuda a otras personas y colectivos. [&hellip;]<\/p>\n","protected":false},"author":1,"featured_media":0,"parent":0,"menu_order":0,"comment_status":"closed","ping_status":"closed","template":"elementor_canvas","meta":{"footnotes":""},"class_list":["post-10631","page","type-page","status-publish","hentry"],"_links":{"self":[{"href":"https:\/\/mancomunidadcg.es\/votaciones\/wp-json\/wp\/v2\/pages\/10631","targetHints":{"allow":["GET"]}}],"collection":[{"href":"https:\/\/mancomunidadcg.es\/votaciones\/wp-json\/wp\/v2\/pages"}],"about":[{"href":"https:\/\/mancomunidadcg.es\/votaciones\/wp-json\/wp\/v2\/types\/page"}],"author":[{"embeddable":true,"href":"https:\/\/mancomunidadcg.es\/votaciones\/wp-json\/wp\/v2\/users\/1"}],"replies":[{"embeddable":true,"href":"https:\/\/mancomunidadcg.es\/votaciones\/wp-json\/wp\/v2\/comments?post=10631"}],"version-history":[{"count":85,"href":"https:\/\/mancomunidadcg.es\/votaciones\/wp-json\/wp\/v2\/pages\/10631\/revisions"}],"predecessor-version":[{"id":10960,"href":"https:\/\/mancomunidadcg.es\/votaciones\/wp-json\/wp\/v2\/pages\/10631\/revisions\/10960"}],"wp:attachment":[{"href":"https:\/\/mancomunidadcg.es\/votaciones\/wp-json\/wp\/v2\/media?parent=10631"}],"curies":[{"name":"wp","href":"https:\/\/api.w.org\/{rel}","templated":true}]}}